{"id":30,"date":"2023-02-01T18:23:10","date_gmt":"2023-02-01T18:23:10","guid":{"rendered":"https:\/\/residenciajardinesanmarcos.com\/?page_id=30"},"modified":"2023-11-16T18:44:08","modified_gmt":"2023-11-16T18:44:08","slug":"inicio","status":"publish","type":"page","link":"https:\/\/residenciajardinesanmarcos.com\/","title":{"rendered":"INICIO"},"content":{"rendered":"<p>[et_pb_section fb_built=\u00bb1&#8243; _builder_version=\u00bb4.19.5&#8243; _module_preset=\u00bbdefault\u00bb background_image=\u00bbhttps:\/\/residenciajardinesanmarcos.com\/wp-content\/uploads\/2023\/02\/inicio_2560.jpg\u00bb custom_padding=\u00bb||733px||false|false\u00bb global_colors_info=\u00bb{}\u00bb][et_pb_row column_structure=\u00bb1_4,1_4,1_4,1_4&#8243; admin_label=\u00bbBotonera\u00bb _builder_version=\u00bb4.19.5&#8243; _module_preset=\u00bbdefault\u00bb positioning=\u00bbabsolute\u00bb position_origin_a=\u00bbcenter_center\u00bb position_origin_f=\u00bbcenter_center\u00bb z_index=\u00bb10&#8243; width=\u00bb100%\u00bb max_width=\u00bb2560px\u00bb min_height=\u00bb311px\u00bb custom_margin=\u00bb279px|auto||auto|false|false\u00bb custom_margin_tablet=\u00bb253px||||false|false\u00bb custom_margin_phone=\u00bb167px|auto|11px|auto|false|false\u00bb custom_margin_last_edited=\u00bbon|desktop\u00bb custom_padding=\u00bb||9px||false|false\u00bb global_colors_info=\u00bb{}\u00bb][et_pb_column type=\u00bb1_4&#8243; _builder_version=\u00bb4.19.5&#8243; _module_preset=\u00bbdefault\u00bb global_colors_info=\u00bb{}\u00bb][et_pb_button button_url=\u00bbhttps:\/\/residenciajardinesanmarcos.com\/index.php\/contacta\/\u00bb url_new_window=\u00bbon\u00bb button_text=\u00bbCONT\u00c1CTANOS\u00bb button_alignment=\u00bbcenter\u00bb _builder_version=\u00bb4.19.5&#8243; _module_preset=\u00bbdefault\u00bb custom_button=\u00bbon\u00bb button_bg_color=\u00bb#ffffff\u00bb custom_padding=\u00bb|22px||22px|false|true\u00bb hover_enabled=\u00bb0&#8243; global_colors_info=\u00bb{}\u00bb sticky_enabled=\u00bb0&#8243;][\/et_pb_button][\/et_pb_column][et_pb_column type=\u00bb1_4&#8243; _builder_version=\u00bb4.19.5&#8243; _module_preset=\u00bbdefault\u00bb global_colors_info=\u00bb{}\u00bb][et_pb_button button_url=\u00bbhttps:\/\/residenciajardinesanmarcos.com\/index.php\/instalaciones\/\u00bb url_new_window=\u00bbon\u00bb button_text=\u00bbINSTALACIONES\u00bb button_alignment=\u00bbcenter\u00bb _builder_version=\u00bb4.19.5&#8243; _module_preset=\u00bbdefault\u00bb custom_button=\u00bbon\u00bb button_bg_color=\u00bb#ffffff\u00bb global_colors_info=\u00bb{}\u00bb][\/et_pb_button][\/et_pb_column][et_pb_column type=\u00bb1_4&#8243; _builder_version=\u00bb4.19.5&#8243; _module_preset=\u00bbdefault\u00bb global_colors_info=\u00bb{}\u00bb][et_pb_button button_url=\u00bbhttps:\/\/residenciajardinesanmarcos.com\/index.php\/instalaciones\/#servicios\u00bb url_new_window=\u00bbon\u00bb button_text=\u00bbSERVICIOS\u00bb button_alignment=\u00bbcenter\u00bb _builder_version=\u00bb4.19.5&#8243; _module_preset=\u00bbdefault\u00bb custom_button=\u00bbon\u00bb button_bg_color=\u00bb#ffffff\u00bb custom_margin=\u00bb|||0px|false|false\u00bb custom_padding=\u00bb|46px||46px|false|true\u00bb global_colors_info=\u00bb{}\u00bb][\/et_pb_button][\/et_pb_column][et_pb_column type=\u00bb1_4&#8243; _builder_version=\u00bb4.19.5&#8243; _module_preset=\u00bbdefault\u00bb global_colors_info=\u00bb{}\u00bb][et_pb_button button_url=\u00bbhttps:\/\/residenciajardinesanmarcos.com\/index.php\/instalaciones\/#actividades\u00bb url_new_window=\u00bbon\u00bb button_text=\u00bbACTIVIDADES\u00bb button_alignment=\u00bbcenter\u00bb _builder_version=\u00bb4.19.5&#8243; _module_preset=\u00bbdefault\u00bb custom_button=\u00bbon\u00bb button_bg_color=\u00bb#ffffff\u00bb custom_padding=\u00bb|32px||32px|false|true\u00bb global_colors_info=\u00bb{}\u00bb][\/et_pb_button][\/et_pb_column][\/et_pb_row][\/et_pb_section][et_pb_section fb_built=\u00bb1&#8243; _builder_version=\u00bb4.20.2&#8243; _module_preset=\u00bbdefault\u00bb background_enable_image=\u00bboff\u00bb background_size=\u00bbcontain\u00bb background_blend=\u00bblighten\u00bb custom_margin=\u00bb-4px||||false|false\u00bb custom_margin_tablet=\u00bb-12px||||false|false\u00bb custom_margin_phone=\u00bb0px||-5px||false|false\u00bb custom_margin_last_edited=\u00bbon|phone\u00bb custom_padding=\u00bb0px||0px||false|false\u00bb background_last_edited=\u00bbon|phone\u00bb background_video_pause_outside_viewport_phone=\u00bboff\u00bb global_colors_info=\u00bb{}\u00bb][et_pb_row make_equal=\u00bbon\u00bb disabled_on=\u00bboff|off|on\u00bb admin_label=\u00bbVideo m\u00f3vil\u00bb _builder_version=\u00bb4.20.2&#8243; _module_preset=\u00bbdefault\u00bb background_video_mp4=\u00bbhttps:\/\/residenciajardinesanmarcos.com\/wp-content\/uploads\/2023\/02\/SnapSave.io-Residencia-de-mayores-_Jardines-de-San-Marcos_-Tegueste-Tenerife-Islas-Canarias.-1080p.mp4&#8243; background_video_webm=\u00bbhttps:\/\/residenciajardinesanmarcos.com\/wp-content\/uploads\/2023\/02\/SnapSave.io-Residencia-de-mayores-_Jardines-de-San-Marcos_-Tegueste-Tenerife-Islas-Canarias.-1080p.mp4&#8243; width=\u00bb100%\u00bb width_tablet=\u00bb100%\u00bb width_phone=\u00bb100%\u00bb width_last_edited=\u00bbon|phone\u00bb max_width=\u00bb2560px\u00bb min_height=\u00bb214px\u00bb custom_margin=\u00bb-2px|auto|-115px|auto|false|false\u00bb custom_margin_tablet=\u00bb-6px|auto|-6px|auto|true|false\u00bb custom_margin_phone=\u00bb0px|auto|0px|auto|true|false\u00bb custom_margin_last_edited=\u00bbon|phone\u00bb custom_padding=\u00bb9px||9px||true|false\u00bb background_last_edited=\u00bbon|phone\u00bb background_enable_video_mp4_tablet=\u00bboff\u00bb background_enable_video_mp4_phone=\u00bboff\u00bb background_enable_video_webm_tablet=\u00bboff\u00bb background_enable_video_webm_phone=\u00bboff\u00bb allow_player_pause_tablet=\u00bbon\u00bb allow_player_pause_phone=\u00bboff\u00bb background_video_pause_outside_viewport_tablet=\u00bboff\u00bb background_video_pause_outside_viewport_phone=\u00bboff\u00bb collapsed=\u00bboff\u00bb global_colors_info=\u00bb{}\u00bb][et_pb_column type=\u00bb4_4&#8243; _builder_version=\u00bb4.19.5&#8243; _module_preset=\u00bbdefault\u00bb global_colors_info=\u00bb{}\u00bb][et_pb_video src=\u00bbhttps:\/\/youtu.be\/41z8Ay1cf68&#8243; src_webm=\u00bbhttps:\/\/youtu.be\/41z8Ay1cf68&#8243; _builder_version=\u00bb4.20.2&#8243; _module_preset=\u00bbdefault\u00bb custom_margin=\u00bb-12px||-4px||false|false\u00bb global_colors_info=\u00bb{}\u00bb][\/et_pb_video][\/et_pb_column][\/et_pb_row][et_pb_row disabled_on=\u00bbon|on|off\u00bb admin_label=\u00bbVideo PC\u00bb _builder_version=\u00bb4.20.2&#8243; _module_preset=\u00bbdefault\u00bb background_video_mp4=\u00bbhttps:\/\/residenciajardinesanmarcos.com\/wp-content\/uploads\/2023\/02\/SnapSave.io-Residencia-de-mayores-_Jardines-de-San-Marcos_-Tegueste-Tenerife-Islas-Canarias.-1080p.mp4&#8243; background_video_webm=\u00bbhttps:\/\/residenciajardinesanmarcos.com\/wp-content\/uploads\/2023\/02\/SnapSave.io-Residencia-de-mayores-_Jardines-de-San-Marcos_-Tegueste-Tenerife-Islas-Canarias.-1080p.mp4&#8243; background_video_pause_outside_viewport=\u00bboff\u00bb width=\u00bb100%\u00bb width_tablet=\u00bb100%\u00bb width_phone=\u00bb100%\u00bb width_last_edited=\u00bbon|phone\u00bb max_width=\u00bb2560px\u00bb min_height=\u00bb108px\u00bb custom_margin=\u00bb-2px|auto|-24px|auto|false|false\u00bb custom_margin_tablet=\u00bb7px|auto|4px|auto|false|false\u00bb custom_margin_phone=\u00bb31px|auto|-3px|auto|false|false\u00bb custom_margin_last_edited=\u00bbon|desktop\u00bb custom_padding=\u00bb388px||388px||true|false\u00bb background_last_edited=\u00bbon|desktop\u00bb allow_player_pause_phone=\u00bbon\u00bb background_video_pause_outside_viewport_phone=\u00bbon\u00bb collapsed=\u00bboff\u00bb global_colors_info=\u00bb{}\u00bb][et_pb_column type=\u00bb4_4&#8243; _builder_version=\u00bb4.19.5&#8243; _module_preset=\u00bbdefault\u00bb global_colors_info=\u00bb{}\u00bb][\/et_pb_column][\/et_pb_row][\/et_pb_section][et_pb_section fb_built=\u00bb1&#8243; custom_padding_last_edited=\u00bbon|tablet\u00bb disabled_on=\u00bboff|off|on\u00bb _builder_version=\u00bb4.20.0&#8243; _module_preset=\u00bbdefault\u00bb background_image=\u00bbhttps:\/\/residenciajardinesanmarcos.com\/wp-content\/uploads\/2023\/01\/banner_07_990x427.jpg\u00bb background_size=\u00bbcontain\u00bb width=\u00bb100%\u00bb min_height=\u00bb180px\u00bb custom_margin=\u00bb||||false|false\u00bb custom_padding=\u00bb136px||136px||true|false\u00bb custom_padding_tablet=\u00bb136px||136px||true|false\u00bb custom_padding_phone=\u00bb116px||116px||true|false\u00bb background_last_edited=\u00bbon|phone\u00bb background_size_tablet=\u00bbcover\u00bb background_size_phone=\u00bbcover\u00bb global_colors_info=\u00bb{}\u00bb][et_pb_row _builder_version=\u00bb4.20.0&#8243; _module_preset=\u00bbdefault\u00bb width=\u00bb100%\u00bb max_width=\u00bb2560px\u00bb custom_margin=\u00bb-52px|auto|-34px|auto|false|false\u00bb custom_padding=\u00bb64px||0px||false|false\u00bb global_colors_info=\u00bb{}\u00bb][et_pb_column type=\u00bb4_4&#8243; _builder_version=\u00bb4.20.0&#8243; _module_preset=\u00bbdefault\u00bb global_colors_info=\u00bb{}\u00bb][et_pb_button button_url=\u00bbhttps:\/\/residenciajardinesanmarcos.com\/index.php\/conocenos-2\/\u00bb button_text=\u00bbQUIENES SOMOS\u00bb button_alignment=\u00bbcenter\u00bb _builder_version=\u00bb4.20.0&#8243; _module_preset=\u00bbdefault\u00bb custom_button=\u00bbon\u00bb button_bg_color=\u00bb#FFFFFF\u00bb custom_margin=\u00bb-2px||||false|false\u00bb custom_padding=\u00bb|30px||30px|false|true\u00bb global_colors_info=\u00bb{}\u00bb][\/et_pb_button][\/et_pb_column][\/et_pb_row][\/et_pb_section][et_pb_section fb_built=\u00bb1&#8243; disabled_on=\u00bbon|on|off\u00bb _builder_version=\u00bb4.20.0&#8243; _module_preset=\u00bbdefault\u00bb background_image=\u00bbhttps:\/\/residenciajardinesanmarcos.com\/wp-content\/uploads\/2023\/01\/banner_07_990x427.jpg\u00bb custom_padding=\u00bb251px||251px||true|false\u00bb global_colors_info=\u00bb{}\u00bb][et_pb_row _builder_version=\u00bb4.20.0&#8243; _module_preset=\u00bbdefault\u00bb global_colors_info=\u00bb{}\u00bb][et_pb_column type=\u00bb4_4&#8243; _builder_version=\u00bb4.20.0&#8243; _module_preset=\u00bbdefault\u00bb global_colors_info=\u00bb{}\u00bb][et_pb_button button_url=\u00bbhttps:\/\/residenciajardinesanmarcos.com\/index.php\/conocenos-2\/\u00bb button_text=\u00bbQUIENES SOMOS\u00bb button_alignment=\u00bbcenter\u00bb _builder_version=\u00bb4.20.0&#8243; _module_preset=\u00bbdefault\u00bb custom_button=\u00bbon\u00bb button_bg_color=\u00bb#FFFFFF\u00bb custom_margin=\u00bb||||false|false\u00bb global_colors_info=\u00bb{}\u00bb][\/et_pb_button][\/et_pb_column][\/et_pb_row][\/et_pb_section][et_pb_section fb_built=\u00bb1&#8243; disabled_on=\u00bbon|on|off\u00bb _builder_version=\u00bb4.20.0&#8243; _module_preset=\u00bbdefault\u00bb background_image=\u00bbhttps:\/\/residenciajardinesanmarcos.com\/wp-content\/uploads\/2023\/02\/Residencia-Fotos-19.jpg\u00bb custom_padding=\u00bb425px||425px||true|false\u00bb global_colors_info=\u00bb{}\u00bb][et_pb_row _builder_version=\u00bb4.20.0&#8243; _module_preset=\u00bbdefault\u00bb global_colors_info=\u00bb{}\u00bb][et_pb_column type=\u00bb4_4&#8243; _builder_version=\u00bb4.20.0&#8243; _module_preset=\u00bbdefault\u00bb global_colors_info=\u00bb{}\u00bb][et_pb_button button_url=\u00bbhttps:\/\/residenciajardinesanmarcos.com\/index.php\/galeria-de-fotos\/\u00bb button_text=\u00bbGALER\u00cdA DE FOTOS\u00bb button_alignment=\u00bbcenter\u00bb _builder_version=\u00bb4.20.0&#8243; _module_preset=\u00bbdefault\u00bb custom_button=\u00bbon\u00bb button_bg_color=\u00bb#FFFFFF\u00bb global_colors_info=\u00bb{}\u00bb][\/et_pb_button][\/et_pb_column][\/et_pb_row][\/et_pb_section][et_pb_section fb_built=\u00bb1&#8243; disabled_on=\u00bboff|off|on\u00bb _builder_version=\u00bb4.20.0&#8243; _module_preset=\u00bbdefault\u00bb background_image=\u00bbhttps:\/\/residenciajardinesanmarcos.com\/wp-content\/uploads\/2023\/02\/Residencia-Fotos-19.jpg\u00bb custom_padding=\u00bb99px||99px||true|false\u00bb global_colors_info=\u00bb{}\u00bb][et_pb_row _builder_version=\u00bb4.20.0&#8243; _module_preset=\u00bbdefault\u00bb global_colors_info=\u00bb{}\u00bb][et_pb_column type=\u00bb4_4&#8243; _builder_version=\u00bb4.20.0&#8243; _module_preset=\u00bbdefault\u00bb global_colors_info=\u00bb{}\u00bb][et_pb_button button_url=\u00bbhttps:\/\/residenciajardinesanmarcos.com\/index.php\/galeria-de-fotos\/\u00bb button_text=\u00bbGALER\u00cdA DE FOTOS\u00bb button_alignment=\u00bbcenter\u00bb _builder_version=\u00bb4.20.0&#8243; _module_preset=\u00bbdefault\u00bb custom_button=\u00bbon\u00bb button_bg_color=\u00bb#FFFFFF\u00bb global_colors_info=\u00bb{}\u00bb][\/et_pb_button][\/et_pb_column][\/et_pb_row][\/et_pb_section][et_pb_section fb_built=\u00bb1&#8243; _builder_version=\u00bb4.20.0&#8243; _module_preset=\u00bbdefault\u00bb custom_margin=\u00bb32px||||false|false\u00bb collapsed=\u00bbon\u00bb global_colors_info=\u00bb{}\u00bb][et_pb_row _builder_version=\u00bb4.19.5&#8243; _module_preset=\u00bbdefault\u00bb custom_margin_tablet=\u00bb||42px||false|false\u00bb custom_margin_phone=\u00bb||42px||false|false\u00bb custom_margin_last_edited=\u00bbon|phone\u00bb global_colors_info=\u00bb{}\u00bb][et_pb_column type=\u00bb4_4&#8243; _builder_version=\u00bb4.19.5&#8243; _module_preset=\u00bbdefault\u00bb global_colors_info=\u00bb{}\u00bb][dsm_text_divider header=\u00bb\u00daLTIMAS NOTICIAS\u00bb _builder_version=\u00bb4.19.5&#8243; _module_preset=\u00bbdefault\u00bb header_text_color=\u00bb#8300e9&#8243; global_colors_info=\u00bb{}\u00bb][\/dsm_text_divider][\/et_pb_column][\/et_pb_row][et_pb_row _builder_version=\u00bb4.19.5&#8243; _module_preset=\u00bbdefault\u00bb global_colors_info=\u00bb{}\u00bb][et_pb_column type=\u00bb4_4&#8243; _builder_version=\u00bb4.19.5&#8243; _module_preset=\u00bbdefault\u00bb global_colors_info=\u00bb{}\u00bb][dsm_blog_carousel posts_number=\u00bb4&#8243; _builder_version=\u00bb4.19.5&#8243; _module_preset=\u00bbdefault\u00bb global_colors_info=\u00bb{}\u00bb][\/dsm_blog_carousel][\/et_pb_column][\/et_pb_row][\/et_pb_section]<\/p>\n","protected":false},"excerpt":{"rendered":"<p><div class=\"et_pb_module dsm_text_divider dsm_text_divider_0\">\n\t\t\t\t\n\t\t\t\t\n\t\t\t\t\n\t\t\t\t\n\t\t\t\t\n\t\t\t\t\n\t\t\t\t<div class=\"et_pb_module_inner\">\n\t\t\t\t\t<div class=\"dsm-text-divider-wrapper dsm-text-divider-align-center et_pb_bg_layout_light\">\n\t\t\t\t\n\t\t\t\t\n\t\t\t\t<div class=\"dsm-text-divider-before dsm-divider\"><\/div>\n\t\t\t\t<h3 class=\"dsm-text-divider-header et_pb_module_header\"><span>\u00daLTIMAS NOTICIAS<\/span><\/h3>\n\t\t\t\t<div class=\"dsm-text-divider-after dsm-divider\"><\/div>\n\t\t\t<\/div>\n\t\t\t\t<\/div>\n\t\t\t<\/div><div class=\"et_pb_module dsm_blog_carousel dsm_blog_carousel_0\">\n\t\t\t\t\n\t\t\t\t\n\t\t\t\t\n\t\t\t\t\n\t\t\t\t\n\t\t\t\t\n\t\t\t\t<div class=\"et_pb_module_inner\">\n\t\t\t\t\t<div class=\"dsm-blog-carousel\" data-loop='1' data-speed='500' data-columnsdesktop='3' data-columnsphone='1' data-columnstablet='2' data-autoplay='on' data-autoplayspeed='5000' data-ordernumber='0' data-spacing='30' data-spacingtablet='30' data-spacingphone='30' data-effect='default' data-effect-shadows='off' data-effect-coverflow-rotate='30' data-effect-coverflow-depth='100' data-centered='off' data-multi-row='off' data-row='1' data-pagi-button-style='bullets' data-pause-on-hover='off' data-touch-move='off' data-grab='on'>\n\t\t\t\t<div class=\"swiper-container\" dir=\"ltr\">\n\t\t\t\t\t<div class=\"dsm-blog-carousel-wrapper swiper-wrapper\">\n\t\t\t\t\t\t\n\t\t\t\t<article class=\"dsm-blog-carousel-item swiper-slide\">\n\t\t\t\t\t<div class=\"dsm-grid-post-holder-inner\">\n\n\t\t\t\t\t\t\t\t\t\t\t\t\t<div class=\"dsm-entry-image\">\n\t\t\t\t\t\t\t\t\t\t\t\t\t\t\t\t<div class=\"dsm-entry-thumbnail\">\n\t\t\t\t\t\t\t\t\t<a href=\"https:\/\/residenciajardinesanmarcos.com\/index.php\/2026\/08\/25\/obesidad-en-mayores-un-riesgo-silencioso\/\">\n\t\t\t\t\t\t\t\t\t\t<img width=\"640\" height=\"480\" src=\"https:\/\/residenciajardinesanmarcos.com\/wp-content\/uploads\/2019\/03\/man-2680910_640.jpg\" class=\"attachment-1080x675 size-1080x675 wp-post-image\" alt=\"\" decoding=\"async\" loading=\"lazy\" srcset=\"https:\/\/residenciajardinesanmarcos.com\/wp-content\/uploads\/2019\/03\/man-2680910_640.jpg 640w, https:\/\/residenciajardinesanmarcos.com\/wp-content\/uploads\/2019\/03\/man-2680910_640-480x360.jpg 480w\" sizes=\"(min-width: 0px) and (max-width: 480px) 480px, (min-width: 481px) 640px, 100vw\" \/>\t\t\t\t\t\t\t\t\t<\/a>\n\t\t\t\t\t\t\t\t<\/div>\n\t\t\t\t\t\t\t<\/div>\n\t\t\t\t\t\t\n\t\t\t\t\t\t<div class=\"dsm-entry-wrapper\">\n\t\t\t\t\t\t\t\t\t\t\t\t\t\t<header class=\"dsm-entry-header\">\n\t\t\t\t\t\t\t\t\t\t<h2 class=\"dsm-entry-title\">\n\t\t\t\t\t\t\t\t\t\t\t<a href=\"https:\/\/residenciajardinesanmarcos.com\/index.php\/2026\/08\/25\/obesidad-en-mayores-un-riesgo-silencioso\/\" title=\"OBESIDAD EN MAYORES: UN RIESGO SILENCIOSO\">\n\t\t\t\t\t\t\t\t\t\t\t\tOBESIDAD EN MAYORES: UN RIESGO SILENCIOSO\t\t\t\t\t\t\t\t\t\t\t<\/a>\n\t\t\t\t\t\t\t\t\t<\/h2>\n\t\t\t\t\t\t\t\t<\/header>\n\t\t\t\t\t\t\n\t\t\t\t\t\t\t\t\t\t\t\t\t<div class=\"dsm-entry-meta\">\n\t\t\t\t\t\t\t\t\t\t\t\t\t\t\t\t\t<span class=\"dsm-posted-by\"><a href=\"https:\/\/residenciajardinesanmarcos.com\/index.php\/author\/jardines-de-san-marcos\/\" title=\"Mensajes de Jardines de San Marcos\" rel=\"author\">Jardines de San Marcos<\/a><\/span>\n\t\t\t\t\t\t\t\t\t\t\t\t\t\t\t\t\t\t\t\t\t\t\t\t\t<span class=\"dsm-meta-seperator\">|<\/span>\n\t\t\t\t\t\t\t\t\t<span class=\"dsm-posted-on\"><time datetime=\"Ago 25, 2026\">Ago 25, 2026<\/time><\/span>\n\t\t\t\t\t\t\t\t\t\t\t\t\t\t\t\t\t\t\t\t\t\t\t<\/div>\n\t\t\t\t\t\t\t\n\t\t\t\t\t\t\t\t\t\t\t\t\t\t<div class=\"dsm-entry-content\">\n\t\t\t\t\t\t\t\t<div class=\"dsm-post-excerpt\">\n\t\t\t\t\t\t\t\t\t<p>La obesidad se ha convertido en un gran problema a nivel mundial. Pero su gravedad aumenta cuando la persona que la padece es de edad avanzada. El sobrepeso puede producir distintas enfermedades y en casos m\u00e1s graves producir inmovilidad. La obesidad en la tercera edad puede desembocar en la aparici\u00f3n de diferentes enfermedades, como la [&hellip;]<\/p>\n\t\t\t\t\t\t\t\t<\/div>\n\t\t\t\t\t\t\t<\/div>\n\t\t\t\t\t\t\t\n\t\t\t\t\t\t\t\t\n\t\t\t\t\t\t\t\t\t\t\t\t\t<\/div>\n\t\t\t\t\t<\/div>\n\t\t\t\t<\/article>\n\n\t\t\t\t\n\t\t\t\t<article class=\"dsm-blog-carousel-item swiper-slide\">\n\t\t\t\t\t<div class=\"dsm-grid-post-holder-inner\">\n\n\t\t\t\t\t\t\t\t\t\t\t\t\t<div class=\"dsm-entry-image\">\n\t\t\t\t\t\t\t\t\t\t\t\t\t\t\t\t<div class=\"dsm-entry-thumbnail\">\n\t\t\t\t\t\t\t\t\t<a href=\"https:\/\/residenciajardinesanmarcos.com\/index.php\/2026\/08\/20\/el-silencio-que-preocupa-como-reconocer-la-ansiedad-en-la-tercera-edad\/\">\n\t\t\t\t\t\t\t\t\t\t<img width=\"426\" height=\"640\" src=\"https:\/\/residenciajardinesanmarcos.com\/wp-content\/uploads\/2020\/02\/woman-65675_640.jpg\" class=\"attachment-1080x675 size-1080x675 wp-post-image\" alt=\"\" decoding=\"async\" loading=\"lazy\" srcset=\"https:\/\/residenciajardinesanmarcos.com\/wp-content\/uploads\/2020\/02\/woman-65675_640.jpg 426w, https:\/\/residenciajardinesanmarcos.com\/wp-content\/uploads\/2020\/02\/woman-65675_640-200x300.jpg 200w\" sizes=\"(max-width: 426px) 100vw, 426px\" \/>\t\t\t\t\t\t\t\t\t<\/a>\n\t\t\t\t\t\t\t\t<\/div>\n\t\t\t\t\t\t\t<\/div>\n\t\t\t\t\t\t\n\t\t\t\t\t\t<div class=\"dsm-entry-wrapper\">\n\t\t\t\t\t\t\t\t\t\t\t\t\t\t<header class=\"dsm-entry-header\">\n\t\t\t\t\t\t\t\t\t\t<h2 class=\"dsm-entry-title\">\n\t\t\t\t\t\t\t\t\t\t\t<a href=\"https:\/\/residenciajardinesanmarcos.com\/index.php\/2026\/08\/20\/el-silencio-que-preocupa-como-reconocer-la-ansiedad-en-la-tercera-edad\/\" title=\"EL SILENCIO QUE PREOCUPA: COMO RECONOCER LA ANSIEDAD EN LA TERCERA EDAD\">\n\t\t\t\t\t\t\t\t\t\t\t\tEL SILENCIO QUE PREOCUPA: COMO RECONOCER LA ANSIEDAD EN LA TERCERA EDAD\t\t\t\t\t\t\t\t\t\t\t<\/a>\n\t\t\t\t\t\t\t\t\t<\/h2>\n\t\t\t\t\t\t\t\t<\/header>\n\t\t\t\t\t\t\n\t\t\t\t\t\t\t\t\t\t\t\t\t<div class=\"dsm-entry-meta\">\n\t\t\t\t\t\t\t\t\t\t\t\t\t\t\t\t\t<span class=\"dsm-posted-by\"><a href=\"https:\/\/residenciajardinesanmarcos.com\/index.php\/author\/jardines-de-san-marcos\/\" title=\"Mensajes de Jardines de San Marcos\" rel=\"author\">Jardines de San Marcos<\/a><\/span>\n\t\t\t\t\t\t\t\t\t\t\t\t\t\t\t\t\t\t\t\t\t\t\t\t\t<span class=\"dsm-meta-seperator\">|<\/span>\n\t\t\t\t\t\t\t\t\t<span class=\"dsm-posted-on\"><time datetime=\"Ago 20, 2026\">Ago 20, 2026<\/time><\/span>\n\t\t\t\t\t\t\t\t\t\t\t\t\t\t\t\t\t\t\t\t\t\t\t<\/div>\n\t\t\t\t\t\t\t\n\t\t\t\t\t\t\t\t\t\t\t\t\t\t<div class=\"dsm-entry-content\">\n\t\t\t\t\t\t\t\t<div class=\"dsm-post-excerpt\">\n\t\t\t\t\t\t\t\t\t<p>La ansiedad es un fen\u00f3meno natural en la vida de un ser humano. \u00bfQui\u00e9n no se ha sentido ansioso en alguna ocasi\u00f3n en alg\u00fan momento de su vida? La ansiedad, caracterizada por intranquilidad, insomnio y tensi\u00f3n muscular, es un fen\u00f3meno casi universal en el ser humano. Pero cuando esos s\u00edntomas de ansiedad son de forma [&hellip;]<\/p>\n\t\t\t\t\t\t\t\t<\/div>\n\t\t\t\t\t\t\t<\/div>\n\t\t\t\t\t\t\t\n\t\t\t\t\t\t\t\t\n\t\t\t\t\t\t\t\t\t\t\t\t\t<\/div>\n\t\t\t\t\t<\/div>\n\t\t\t\t<\/article>\n\n\t\t\t\t\n\t\t\t\t<article class=\"dsm-blog-carousel-item swiper-slide\">\n\t\t\t\t\t<div class=\"dsm-grid-post-holder-inner\">\n\n\t\t\t\t\t\t\t\t\t\t\t\t\t<div class=\"dsm-entry-image\">\n\t\t\t\t\t\t\t\t\t\t\t\t\t\t\t\t<div class=\"dsm-entry-thumbnail\">\n\t\t\t\t\t\t\t\t\t<a href=\"https:\/\/residenciajardinesanmarcos.com\/index.php\/2026\/08\/15\/septiembre-mes-mundial-del-alzheimer-uniendo-fuerzas-contra-el-olvido\/\">\n\t\t\t\t\t\t\t\t\t\t<img width=\"640\" height=\"424\" src=\"https:\/\/residenciajardinesanmarcos.com\/wp-content\/uploads\/2024\/03\/elderly-couple-7127899_640.jpg\" class=\"attachment-1080x675 size-1080x675 wp-post-image\" alt=\"\u00bfEnvejecemos igual hombres y mujeres?\" decoding=\"async\" loading=\"lazy\" srcset=\"https:\/\/residenciajardinesanmarcos.com\/wp-content\/uploads\/2024\/03\/elderly-couple-7127899_640.jpg 640w, https:\/\/residenciajardinesanmarcos.com\/wp-content\/uploads\/2024\/03\/elderly-couple-7127899_640-480x318.jpg 480w\" sizes=\"(min-width: 0px) and (max-width: 480px) 480px, (min-width: 481px) 640px, 100vw\" \/>\t\t\t\t\t\t\t\t\t<\/a>\n\t\t\t\t\t\t\t\t<\/div>\n\t\t\t\t\t\t\t<\/div>\n\t\t\t\t\t\t\n\t\t\t\t\t\t<div class=\"dsm-entry-wrapper\">\n\t\t\t\t\t\t\t\t\t\t\t\t\t\t<header class=\"dsm-entry-header\">\n\t\t\t\t\t\t\t\t\t\t<h2 class=\"dsm-entry-title\">\n\t\t\t\t\t\t\t\t\t\t\t<a href=\"https:\/\/residenciajardinesanmarcos.com\/index.php\/2026\/08\/15\/septiembre-mes-mundial-del-alzheimer-uniendo-fuerzas-contra-el-olvido\/\" title=\"SEPTIEMBRE MES MUNDIAL DEL ALZHEIMER: UNIENDO FUERZAS CONTRA EL OLVIDO\">\n\t\t\t\t\t\t\t\t\t\t\t\tSEPTIEMBRE MES MUNDIAL DEL ALZHEIMER: UNIENDO FUERZAS CONTRA EL OLVIDO\t\t\t\t\t\t\t\t\t\t\t<\/a>\n\t\t\t\t\t\t\t\t\t<\/h2>\n\t\t\t\t\t\t\t\t<\/header>\n\t\t\t\t\t\t\n\t\t\t\t\t\t\t\t\t\t\t\t\t<div class=\"dsm-entry-meta\">\n\t\t\t\t\t\t\t\t\t\t\t\t\t\t\t\t\t<span class=\"dsm-posted-by\"><a href=\"https:\/\/residenciajardinesanmarcos.com\/index.php\/author\/jardines-de-san-marcos\/\" title=\"Mensajes de Jardines de San Marcos\" rel=\"author\">Jardines de San Marcos<\/a><\/span>\n\t\t\t\t\t\t\t\t\t\t\t\t\t\t\t\t\t\t\t\t\t\t\t\t\t<span class=\"dsm-meta-seperator\">|<\/span>\n\t\t\t\t\t\t\t\t\t<span class=\"dsm-posted-on\"><time datetime=\"Ago 15, 2026\">Ago 15, 2026<\/time><\/span>\n\t\t\t\t\t\t\t\t\t\t\t\t\t\t\t\t\t\t\t\t\t\t\t<\/div>\n\t\t\t\t\t\t\t\n\t\t\t\t\t\t\t\t\t\t\t\t\t\t<div class=\"dsm-entry-content\">\n\t\t\t\t\t\t\t\t<div class=\"dsm-post-excerpt\">\n\t\t\t\t\t\t\t\t\t<p>El pr\u00f3ximo d\u00eda 21 de septiembre se celebra, como cada a\u00f1o, el D\u00eda Mundial del Alzheimer. Dada la repercusi\u00f3n mundial de esta enfermedad en la poblaci\u00f3n la Organizaci\u00f3n Mundial de la Salud ha extendido durante todo septiembre el Mes Mundial del Azlheimer El Mes Mundial del Alzheimer se celebra durante todo septiembre para concienciar a [&hellip;]<\/p>\n\t\t\t\t\t\t\t\t<\/div>\n\t\t\t\t\t\t\t<\/div>\n\t\t\t\t\t\t\t\n\t\t\t\t\t\t\t\t\n\t\t\t\t\t\t\t\t\t\t\t\t\t<\/div>\n\t\t\t\t\t<\/div>\n\t\t\t\t<\/article>\n\n\t\t\t\t\n\t\t\t\t<article class=\"dsm-blog-carousel-item swiper-slide\">\n\t\t\t\t\t<div class=\"dsm-grid-post-holder-inner\">\n\n\t\t\t\t\t\t\t\t\t\t\t\t\t<div class=\"dsm-entry-image\">\n\t\t\t\t\t\t\t\t\t\t\t\t\t\t\t\t<div class=\"dsm-entry-thumbnail\">\n\t\t\t\t\t\t\t\t\t<a href=\"https:\/\/residenciajardinesanmarcos.com\/index.php\/2026\/08\/10\/claves-para-prevenir-las-caidas-en-mayores\/\">\n\t\t\t\t\t\t\t\t\t\t<img width=\"640\" height=\"461\" src=\"https:\/\/residenciajardinesanmarcos.com\/wp-content\/uploads\/2021\/06\/dog-walking-4805679_640.jpg\" class=\"attachment-1080x675 size-1080x675 wp-post-image\" alt=\"\" decoding=\"async\" loading=\"lazy\" srcset=\"https:\/\/residenciajardinesanmarcos.com\/wp-content\/uploads\/2021\/06\/dog-walking-4805679_640.jpg 640w, https:\/\/residenciajardinesanmarcos.com\/wp-content\/uploads\/2021\/06\/dog-walking-4805679_640-480x346.jpg 480w\" sizes=\"(min-width: 0px) and (max-width: 480px) 480px, (min-width: 481px) 640px, 100vw\" \/>\t\t\t\t\t\t\t\t\t<\/a>\n\t\t\t\t\t\t\t\t<\/div>\n\t\t\t\t\t\t\t<\/div>\n\t\t\t\t\t\t\n\t\t\t\t\t\t<div class=\"dsm-entry-wrapper\">\n\t\t\t\t\t\t\t\t\t\t\t\t\t\t<header class=\"dsm-entry-header\">\n\t\t\t\t\t\t\t\t\t\t<h2 class=\"dsm-entry-title\">\n\t\t\t\t\t\t\t\t\t\t\t<a href=\"https:\/\/residenciajardinesanmarcos.com\/index.php\/2026\/08\/10\/claves-para-prevenir-las-caidas-en-mayores\/\" title=\"CLAVES PARA PREVENIR LAS CA\u00cdDAS EN MAYORES\">\n\t\t\t\t\t\t\t\t\t\t\t\tCLAVES PARA PREVENIR LAS CA\u00cdDAS EN MAYORES\t\t\t\t\t\t\t\t\t\t\t<\/a>\n\t\t\t\t\t\t\t\t\t<\/h2>\n\t\t\t\t\t\t\t\t<\/header>\n\t\t\t\t\t\t\n\t\t\t\t\t\t\t\t\t\t\t\t\t<div class=\"dsm-entry-meta\">\n\t\t\t\t\t\t\t\t\t\t\t\t\t\t\t\t\t<span class=\"dsm-posted-by\"><a href=\"https:\/\/residenciajardinesanmarcos.com\/index.php\/author\/jardines-de-san-marcos\/\" title=\"Mensajes de Jardines de San Marcos\" rel=\"author\">Jardines de San Marcos<\/a><\/span>\n\t\t\t\t\t\t\t\t\t\t\t\t\t\t\t\t\t\t\t\t\t\t\t\t\t<span class=\"dsm-meta-seperator\">|<\/span>\n\t\t\t\t\t\t\t\t\t<span class=\"dsm-posted-on\"><time datetime=\"Ago 10, 2026\">Ago 10, 2026<\/time><\/span>\n\t\t\t\t\t\t\t\t\t\t\t\t\t\t\t\t\t\t\t\t\t\t\t<\/div>\n\t\t\t\t\t\t\t\n\t\t\t\t\t\t\t\t\t\t\t\t\t\t<div class=\"dsm-entry-content\">\n\t\t\t\t\t\t\t\t<div class=\"dsm-post-excerpt\">\n\t\t\t\t\t\t\t\t\t<p>Tanto si viven solos como con nosotros, siempre nos invade el miedo a una posible ca\u00edda. Nadie est\u00e1 exento de caerse, desde un ni\u00f1o hasta un adulto mayor. El problema radica en que a mayor edad las consecuencias de las ca\u00eddas son m\u00e1s graves. A continuaci\u00f3n te contamos c\u00f3mo evitar las indeseables ca\u00eddas. Las ca\u00eddas [&hellip;]<\/p>\n\t\t\t\t\t\t\t\t<\/div>\n\t\t\t\t\t\t\t<\/div>\n\t\t\t\t\t\t\t\n\t\t\t\t\t\t\t\t\n\t\t\t\t\t\t\t\t\t\t\t\t\t<\/div>\n\t\t\t\t\t<\/div>\n\t\t\t\t<\/article>\n\n\t\t\t\t\n\t\t\t\t\t<\/div>\n\t\t\t\t<\/div>\n\t\t\t\t<div class=\"swiper-button-next swiper-arrow-button dsm-arrow-button-next0\" data-icon=5><\/div>\n\t\t\t\t<div class=\"swiper-button-prev swiper-arrow-button dsm-arrow-button-prev0\" data-icon=4><\/div>\n\t\t\t\t<div class=\"swiper-container-horizontal\">\n\t\t\t\t\t<div class=\"swiper-pagination dsm-pagination0\"><\/div>\n\t\t\t\t<\/div>\n\t\t\t<\/div>\n\t\t\t\t<\/div>\n\t\t\t<\/div><\/p>\n","protected":false},"author":1,"featured_media":0,"parent":0,"menu_order":0,"comment_status":"closed","ping_status":"closed","template":"","meta":{"_et_pb_use_builder":"on","_et_pb_old_content":"","_et_gb_content_width":"","footnotes":""},"class_list":["post-30","page","type-page","status-publish","hentry"],"yoast_head":"<!-- This site is optimized with the Yoast SEO plugin v26.6 - https:\/\/yoast.com\/wordpress\/plugins\/seo\/ -->\n<title>INICIO - Residencia Jardines de San Marcos<\/title>\n<meta name=\"robots\" content=\"index, follow, max-snippet:-1, max-image-preview:large, max-video-preview:-1\" \/>\n<link rel=\"canonical\" href=\"https:\/\/residenciajardinesanmarcos.com\/\" \/>\n<meta property=\"og:locale\" content=\"es_ES\" \/>\n<meta property=\"og:type\" content=\"article\" \/>\n<meta property=\"og:title\" content=\"INICIO - Residencia Jardines de San Marcos\" \/>\n<meta property=\"og:url\" content=\"https:\/\/residenciajardinesanmarcos.com\/\" \/>\n<meta property=\"og:site_name\" content=\"Residencia Jardines de San Marcos\" \/>\n<meta property=\"article:publisher\" content=\"https:\/\/www.facebook.com\/residenciajardinesdesanmarcos\" \/>\n<meta property=\"article:modified_time\" content=\"2023-11-16T18:44:08+00:00\" \/>\n<meta name=\"twitter:card\" content=\"summary_large_image\" \/>\n<meta name=\"twitter:description\" content=\"[dsm_text_divider header=&quot;\u00daLTIMAS NOTICIAS&quot; _builder_version=&quot;4.19.5&quot; _module_preset=&quot;default&quot; header_text_color=&quot;#8300e9&quot; global_colors_info=&quot;{}&quot;][\/dsm_text_divider][dsm_blog_carousel posts_number=&quot;4&quot; _builder_version=&quot;4.19.5&quot; _module_preset=&quot;default&quot; global_colors_info=&quot;{}&quot;][\/dsm_blog_carousel]\" \/>\n<meta name=\"twitter:label1\" content=\"Tiempo de lectura\" \/>\n\t<meta name=\"twitter:data1\" content=\"7 minutos\" \/>\n<script type=\"application\/ld+json\" class=\"yoast-schema-graph\">{\"@context\":\"https:\/\/schema.org\",\"@graph\":[{\"@type\":\"WebPage\",\"@id\":\"https:\/\/residenciajardinesanmarcos.com\/\",\"url\":\"https:\/\/residenciajardinesanmarcos.com\/\",\"name\":\"INICIO - Residencia Jardines de San Marcos\",\"isPartOf\":{\"@id\":\"https:\/\/residenciajardinesanmarcos.com\/#website\"},\"datePublished\":\"2023-02-01T18:23:10+00:00\",\"dateModified\":\"2023-11-16T18:44:08+00:00\",\"breadcrumb\":{\"@id\":\"https:\/\/residenciajardinesanmarcos.com\/#breadcrumb\"},\"inLanguage\":\"es\",\"potentialAction\":[{\"@type\":\"ReadAction\",\"target\":[\"https:\/\/residenciajardinesanmarcos.com\/\"]}]},{\"@type\":\"BreadcrumbList\",\"@id\":\"https:\/\/residenciajardinesanmarcos.com\/#breadcrumb\",\"itemListElement\":[{\"@type\":\"ListItem\",\"position\":1,\"name\":\"Portada\",\"item\":\"https:\/\/residenciajardinesanmarcos.com\/\"},{\"@type\":\"ListItem\",\"position\":2,\"name\":\"INICIO\"}]},{\"@type\":\"WebSite\",\"@id\":\"https:\/\/residenciajardinesanmarcos.com\/#website\",\"url\":\"https:\/\/residenciajardinesanmarcos.com\/\",\"name\":\"Residencia Jardines de San Marcos\",\"description\":\"Residencia de mayores Jardines de San Marcos\",\"publisher\":{\"@id\":\"https:\/\/residenciajardinesanmarcos.com\/#organization\"},\"potentialAction\":[{\"@type\":\"SearchAction\",\"target\":{\"@type\":\"EntryPoint\",\"urlTemplate\":\"https:\/\/residenciajardinesanmarcos.com\/?s={search_term_string}\"},\"query-input\":{\"@type\":\"PropertyValueSpecification\",\"valueRequired\":true,\"valueName\":\"search_term_string\"}}],\"inLanguage\":\"es\"},{\"@type\":\"Organization\",\"@id\":\"https:\/\/residenciajardinesanmarcos.com\/#organization\",\"name\":\"Residencia Jardines de San Marcos\",\"url\":\"https:\/\/residenciajardinesanmarcos.com\/\",\"logo\":{\"@type\":\"ImageObject\",\"inLanguage\":\"es\",\"@id\":\"https:\/\/residenciajardinesanmarcos.com\/#\/schema\/logo\/image\/\",\"url\":\"https:\/\/residenciajardinesanmarcos.com\/wp-content\/uploads\/2023\/02\/logo_web_268x117.png\",\"contentUrl\":\"https:\/\/residenciajardinesanmarcos.com\/wp-content\/uploads\/2023\/02\/logo_web_268x117.png\",\"width\":268,\"height\":117,\"caption\":\"Residencia Jardines de San Marcos\"},\"image\":{\"@id\":\"https:\/\/residenciajardinesanmarcos.com\/#\/schema\/logo\/image\/\"},\"sameAs\":[\"https:\/\/www.facebook.com\/residenciajardinesdesanmarcos\"]}]}<\/script>\n<!-- \/ Yoast SEO plugin. -->","yoast_head_json":{"title":"INICIO - Residencia Jardines de San Marcos","robots":{"index":"index","follow":"follow","max-snippet":"max-snippet:-1","max-image-preview":"max-image-preview:large","max-video-preview":"max-video-preview:-1"},"canonical":"https:\/\/residenciajardinesanmarcos.com\/","og_locale":"es_ES","og_type":"article","og_title":"INICIO - Residencia Jardines de San Marcos","og_url":"https:\/\/residenciajardinesanmarcos.com\/","og_site_name":"Residencia Jardines de San Marcos","article_publisher":"https:\/\/www.facebook.com\/residenciajardinesdesanmarcos","article_modified_time":"2023-11-16T18:44:08+00:00","twitter_card":"summary_large_image","twitter_description":"[dsm_text_divider header=\"\u00daLTIMAS NOTICIAS\" _builder_version=\"4.19.5\" _module_preset=\"default\" header_text_color=\"#8300e9\" global_colors_info=\"{}\"][\/dsm_text_divider][dsm_blog_carousel posts_number=\"4\" _builder_version=\"4.19.5\" _module_preset=\"default\" global_colors_info=\"{}\"][\/dsm_blog_carousel]","twitter_misc":{"Tiempo de lectura":"7 minutos"},"schema":{"@context":"https:\/\/schema.org","@graph":[{"@type":"WebPage","@id":"https:\/\/residenciajardinesanmarcos.com\/","url":"https:\/\/residenciajardinesanmarcos.com\/","name":"INICIO - Residencia Jardines de San Marcos","isPartOf":{"@id":"https:\/\/residenciajardinesanmarcos.com\/#website"},"datePublished":"2023-02-01T18:23:10+00:00","dateModified":"2023-11-16T18:44:08+00:00","breadcrumb":{"@id":"https:\/\/residenciajardinesanmarcos.com\/#breadcrumb"},"inLanguage":"es","potentialAction":[{"@type":"ReadAction","target":["https:\/\/residenciajardinesanmarcos.com\/"]}]},{"@type":"BreadcrumbList","@id":"https:\/\/residenciajardinesanmarcos.com\/#breadcrumb","itemListElement":[{"@type":"ListItem","position":1,"name":"Portada","item":"https:\/\/residenciajardinesanmarcos.com\/"},{"@type":"ListItem","position":2,"name":"INICIO"}]},{"@type":"WebSite","@id":"https:\/\/residenciajardinesanmarcos.com\/#website","url":"https:\/\/residenciajardinesanmarcos.com\/","name":"Residencia Jardines de San Marcos","description":"Residencia de mayores Jardines de San Marcos","publisher":{"@id":"https:\/\/residenciajardinesanmarcos.com\/#organization"},"potentialAction":[{"@type":"SearchAction","target":{"@type":"EntryPoint","urlTemplate":"https:\/\/residenciajardinesanmarcos.com\/?s={search_term_string}"},"query-input":{"@type":"PropertyValueSpecification","valueRequired":true,"valueName":"search_term_string"}}],"inLanguage":"es"},{"@type":"Organization","@id":"https:\/\/residenciajardinesanmarcos.com\/#organization","name":"Residencia Jardines de San Marcos","url":"https:\/\/residenciajardinesanmarcos.com\/","logo":{"@type":"ImageObject","inLanguage":"es","@id":"https:\/\/residenciajardinesanmarcos.com\/#\/schema\/logo\/image\/","url":"https:\/\/residenciajardinesanmarcos.com\/wp-content\/uploads\/2023\/02\/logo_web_268x117.png","contentUrl":"https:\/\/residenciajardinesanmarcos.com\/wp-content\/uploads\/2023\/02\/logo_web_268x117.png","width":268,"height":117,"caption":"Residencia Jardines de San Marcos"},"image":{"@id":"https:\/\/residenciajardinesanmarcos.com\/#\/schema\/logo\/image\/"},"sameAs":["https:\/\/www.facebook.com\/residenciajardinesdesanmarcos"]}]}},"_links":{"self":[{"href":"https:\/\/residenciajardinesanmarcos.com\/index.php\/wp-json\/wp\/v2\/pages\/30","targetHints":{"allow":["GET"]}}],"collection":[{"href":"https:\/\/residenciajardinesanmarcos.com\/index.php\/wp-json\/wp\/v2\/pages"}],"about":[{"href":"https:\/\/residenciajardinesanmarcos.com\/index.php\/wp-json\/wp\/v2\/types\/page"}],"author":[{"embeddable":true,"href":"https:\/\/residenciajardinesanmarcos.com\/index.php\/wp-json\/wp\/v2\/users\/1"}],"replies":[{"embeddable":true,"href":"https:\/\/residenciajardinesanmarcos.com\/index.php\/wp-json\/wp\/v2\/comments?post=30"}],"version-history":[{"count":119,"href":"https:\/\/residenciajardinesanmarcos.com\/index.php\/wp-json\/wp\/v2\/pages\/30\/revisions"}],"predecessor-version":[{"id":1329,"href":"https:\/\/residenciajardinesanmarcos.com\/index.php\/wp-json\/wp\/v2\/pages\/30\/revisions\/1329"}],"wp:attachment":[{"href":"https:\/\/residenciajardinesanmarcos.com\/index.php\/wp-json\/wp\/v2\/media?parent=30"}],"curies":[{"name":"wp","href":"https:\/\/api.w.org\/{rel}","templated":true}]}}